{"id":151,"date":"2012-04-07T10:59:32","date_gmt":"2012-04-07T10:59:32","guid":{"rendered":"http:\/\/juergen-wilke.net\/?page_id=151"},"modified":"2018-09-22T19:37:20","modified_gmt":"2018-09-22T19:37:20","slug":"von-prof-jurgen-wilke-am-institut-fur-publizistik-in-mainz-und-eichstatt-seit-1993-betreute-dissertationen","status":"publish","type":"page","link":"https:\/\/juergen-wilke.net\/?page_id=151","title":{"rendered":"Von Prof. J\u00fcrgen Wilke am Institut f\u00fcr Publizistik in Mainz<br> und Eichst\u00e4tt seit 1993 betreute Dissertationen"},"content":{"rendered":"<div id=\"attachment_47\" style=\"width: 209px\" class=\"wp-caption alignright\"><a href=\"http:\/\/juergen-wilke.net\/wp-content\/uploads\/2012\/03\/Klatschen.jpg\"><img loading=\"lazy\" decoding=\"async\" aria-describedby=\"caption-attachment-47\" class=\"size-medium wp-image-47 \" title=\"Klatschen J\u00fcrgen Wilke\" src=\"http:\/\/juergen-wilke.net\/wp-content\/uploads\/2012\/03\/Klatschen-199x300.jpg\" alt=\"J\u00fcrgen Wilke\" width=\"199\" height=\"300\" srcset=\"https:\/\/juergen-wilke.net\/wp-content\/uploads\/2012\/03\/Klatschen-199x300.jpg 199w, https:\/\/juergen-wilke.net\/wp-content\/uploads\/2012\/03\/Klatschen.jpg 426w\" sizes=\"auto, (max-width: 199px) 100vw, 199px\" \/><\/a><p id=\"caption-attachment-47\" class=\"wp-caption-text\">Bild: Norman Steinmetz<\/p><\/div>\n<div>\n<table>\n<colgroup>\n<col width=\"130\" \/>\n<col width=\"480\" \/> <\/colgroup>\n<tbody>\n<tr>\n<td>\n<p dir=\"ltr\"><strong>Verfasser<\/strong><\/p>\n<\/td>\n<td>\n<p dir=\"ltr\"><strong>Thema<\/strong><\/p>\n<\/td>\n<\/tr>\n<td>\n<p dir=\"ltr\"><strong>2017<\/strong><\/p>\n<\/td>\n<td><\/td>\n<\/tr>\n<tr>\n<td>Christian Sch\u00e4fer-Hock<\/td>\n<td>Journalistische Darstellungsformen im Wandel. Eine Untersuchung deutscher Tageszeitungen von 1992 bis 2012. Wiesbaden: Springer VS 2018.<\/td>\n<\/tr>\n<tr>\n<td>\n<\/td>\n<td>\n<\/td>\n<\/tr>\n<td>\n<p dir=\"ltr\"><strong>2015<\/strong><\/p>\n<\/td>\n<td><\/td>\n<\/tr>\n<tr>\n<td>Christine Heimprecht<\/td>\n<td>Determinanten der Auslandsberichterstattung. Eine Mehrebenenanalyse des internationalen Nachrichtenflusses. Wiesbaden: Springer VS 2017. <\/td>\n<\/tr>\n<tr>\n<td>\n<p dir=\"ltr\"><strong>2013<\/strong><\/p>\n<\/td>\n<td><\/td>\n<\/tr>\n<tr>\n<td>Pekka Roisko<\/td>\n<td>Gralsh\u00fcter eines untergehenden Systems. Zensur und Massenmedien in der UdSSR 1981-1991. K\u00f6ln, Weimar, Wien: B\u00f6hlau 2015.<\/td>\n<\/tr>\n<tr>\n<td>Kathryn Boi<\/td>\n<td>Die Formel 1 als mediatisiertes Sportereignis: Organisation, Pr\u00e4sentation, Rezeption. Wiesbaden: Springer VS 2015.<\/td>\n<\/tr>\n<tr>\n<td>Melanie Leidecker<\/td>\n<td>&#8222;Das ist die Topgeschichte des Tages!\u201c Die Aufmacher-Artikel deutscher Tageszeitungen im Vergleich. K\u00f6ln, Weimar, Wien: B\u00f6hlau 2015.<\/td>\n<\/tr>\n<td>\n<p dir=\"ltr\"><strong>2012<\/strong><\/p>\n<\/td>\n<td><\/td>\n<\/tr>\n<tr>\n<td>Katrin Bobsin<\/td>\n<td>Das Presseamt beim Ministerrat der DDR. Koordination und Kontrolle der staatlichen \u00d6ffentlichkeitsarbeit f\u00fcr die SED. K\u00f6ln, Weimar, Wien: B\u00f6hlau 2013.<\/td>\n<\/tr>\n<tr>\n<td>\n<p dir=\"ltr\"><strong>2011<\/strong><\/p>\n<\/td>\n<td><\/td>\n<\/tr>\n<tr>\n<td>Melanie Magin<\/td>\n<td>Wahlkampfberichterstattung im langfristigen Systemvergleich. Eine Untersuchung deutscher und \u00f6sterreichischer Tageszeitungen (1949-2006). Diss. Mainz 2011. K\u00f6ln, Weimar, Wien 2012.<\/td>\n<\/tr>\n<tr>\n<td>\n<p dir=\"ltr\"><strong>2010<\/strong><\/p>\n<\/td>\n<td><\/td>\n<\/tr>\n<tr>\n<td>Su-Kyung Han<\/td>\n<td>Globalisierung und Regionalisierung der Medien in Asien? Eine Untersuchung am Beispiel ausgew\u00e4hlter L\u00e4nder. Diss. Mainz. M\u00fcnchen: Martin Meidenbauer Verlagsbuchhandlung 2010.<\/td>\n<\/tr>\n<tr>\n<td>\n<p dir=\"ltr\"><strong>2009<\/strong><\/p>\n<\/td>\n<td><\/td>\n<\/tr>\n<tr>\n<td>Eva Bre\u00dfler<\/td>\n<td>Von der Experimentierb\u00fchne zum Propagandainstrument. Die Geschichte der Funkausstellung von 1924 bis 1939. Diss. Mainz. K\u00f6ln, Weimar, Wien: B\u00f6hlau 2009.<\/td>\n<\/tr>\n<tr>\n<td>\n<p dir=\"ltr\"><strong>2002<\/strong><\/p>\n<\/td>\n<td><\/td>\n<\/tr>\n<tr>\n<td>Carsten Reinemann<\/td>\n<td>Medienmacher als Mediennutzer. Kommunikations- und Einflussstrukturen im politischen Journalismus der Gegenwart. Diss. Mainz 2002. K\u00f6ln, Weimar, Wien 2003.<\/td>\n<\/tr>\n<tr>\n<td>Franca Wolff<\/td>\n<td>Glasnost erst kurz vor Sendeschluss. Die letzten Jahre des DDR-Fernsehens (1985-1989\/90). Diss. Mainz 2002. K\u00f6ln, Weimar, Wien 2002.<\/td>\n<\/tr>\n<tr>\n<td>Robert Gr\u00fcnewald<\/td>\n<td>Medienordnung und Bundesstaat. Zur Medienpolitik der CDU in der Konstituierungsphase der Bundesrepublik Deutschland 1949-1969. Diss. Mainz 2002. Berlin: Vistas 2005.<\/td>\n<\/tr>\n<tr>\n<td>Ute Stenert<\/td>\n<td>Die Gr\u00fcndung des S\u00fcdwestrundfunks. Konzeptionen, Kontroversen, Konkretionen. Eine rundfunkpolitische Analyse. Diss. Mainz 2002. U.d.T.: \u00a0Reform im S\u00fcdwesten. Die Entstehung des S\u00fcdwestrundfunks. Baden-Baden Nomos-Verlag 2004.<\/td>\n<\/tr>\n<tr>\n<td>\n<p dir=\"ltr\"><strong>1999<\/strong><\/p>\n<\/td>\n<td><\/td>\n<\/tr>\n<tr>\n<td>Sigrun Schmid<\/td>\n<td>Journalisten der fr\u00fchen Nachkriegszeit. Eine kollektive Biographie am Beispiel von Rheinland-Pfalz. Diss. Mainz 1999. K\u00f6ln, Weimar Wien 2000.<\/td>\n<\/tr>\n<tr>\n<td>\n<p dir=\"ltr\"><strong>1997<\/strong><\/p>\n<\/td>\n<td><\/td>\n<\/tr>\n<tr>\n<td>Bernhard Rosenberger<\/td>\n<td>Zeitungen als Kriegstreiber? Die Rolle der Presse im Vorfeld des Ersten Weltkrieges. Diss. Mainz 1997. K\u00f6ln, Weimar, Wien: B\u00f6hlau 1998.<\/td>\n<\/tr>\n<tr>\n<td>\n<p dir=\"ltr\"><strong>1995<\/strong><\/p>\n<\/td>\n<td><\/td>\n<\/tr>\n<tr>\n<td>Ralph Bartel<\/td>\n<td>Fernsehnachrichten im Wettbewerb. Die Strategien der \u00f6ffentlich-rechtlichen und privaten Anbieter. Diss. Mainz 1995. K\u00f6ln, Weimar, Wien. B\u00f6hlau 1997.<\/td>\n<\/tr>\n<tr>\n<td>\n<p dir=\"ltr\"><strong>1994<\/strong><\/p>\n<\/td>\n<td><\/td>\n<\/tr>\n<tr>\n<td>Michael Sommer<\/td>\n<td>Die Kinderpresse in der Bundesrepublik Deutschland. Angebot, Konzepte,, Formen, Inhalte. Diss. Eichst\u00e4tt 1994. Hamburg: Kova\u010d 1994.<\/td>\n<\/tr>\n<tr>\n<td>Klaus Winker<\/td>\n<td>Fernsehen unterm Hakenkreuz. Organisation \u2013 Programm \u2013 Personal. Diss. Mainz 1994. K\u00f6ln, Weimar, Wien: B\u00f6hlau 1994.<\/td>\n<\/tr>\n<tr>\n<td>Michael Thiermeyer<\/td>\n<td>Internationalisierung von Film und Filmwirtschaft. Diss. Eichst\u00e4tt. 1994. K\u00f6ln, Weimar, Wien. B\u00f6hlau 1994.<\/td>\n<\/tr>\n<tr>\n<td>\n<p dir=\"ltr\"><strong>1993<\/strong><\/p>\n<\/td>\n<td><\/td>\n<\/tr>\n<tr>\n<td>Christian Breunig<\/td>\n<td>Kommunikationsfreiheiten. Ein internationaler Vergleich. Diss. Mainz 1993. Konstanz: UVK 1994.<\/td>\n<\/tr>\n<tr>\n<td>Kristina Pfarr<\/td>\n<td>Die Neue Zeitung. Empirische Untersuchung eines Informationsmediums der fr\u00fchen Neuzeit unter besonderer Ber\u00fccksichtigung von Gewaltdarstellungen. Diss. Mainz 1993.<\/td>\n<\/tr>\n<\/tbody>\n<\/table>\n<\/div>\n","protected":false},"excerpt":{"rendered":"<p>Verfasser Thema 2017 Christian Sch\u00e4fer-Hock Journalistische Darstellungsformen im Wandel. Eine Untersuchung deutscher Tageszeitungen von 1992 bis 2012. Wiesbaden: Springer VS 2018. 2015 Christine Heimprecht Determinanten der Auslandsberichterstattung. Eine Mehrebenenanalyse des internationalen Nachrichtenflusses. Wiesbaden: Springer VS 2017. 2013 Pekka Roisko Gralsh\u00fcter eines untergehenden Systems. Zensur und Massenmedien in der UdSSR 1981-1991. K\u00f6ln, Weimar, Wien: B\u00f6hlau 2015. Kathryn Boi Die Formel 1 als mediatisiertes Sportereignis: Organisation, Pr\u00e4sentation, Rezeption. Wiesbaden: Springer VS 2015. Melanie Leidecker &#8222;Das ist die Topgeschichte des Tages!\u201c Die Aufmacher-Artikel deutscher Tageszeitungen im Vergleich. K\u00f6ln, Weimar, Wien: B\u00f6hlau 2015. 2012 Katrin Bobsin Das Presseamt beim Ministerrat der DDR. Koordination und Kontrolle der staatlichen \u00d6ffentlichkeitsarbeit f\u00fcr die SED. K\u00f6ln, Weimar, Wien: B\u00f6hlau 2013. 2011 Melanie Magin Wahlkampfberichterstattung im langfristigen Systemvergleich. Eine Untersuchung deutscher und \u00f6sterreichischer Tageszeitungen (1949-2006). Diss. Mainz 2011. K\u00f6ln, Weimar, Wien 2012. 2010 Su-Kyung Han Globalisierung und Regionalisierung der Medien in Asien? Eine Untersuchung am Beispiel ausgew\u00e4hlter L\u00e4nder. Diss.<\/p>\n","protected":false},"author":1,"featured_media":0,"parent":0,"menu_order":0,"comment_status":"closed","ping_status":"closed","template":"fullwidth.php","meta":{"ngg_post_thumbnail":0,"footnotes":""},"class_list":["post-151","page","type-page","status-publish","hentry"],"_links":{"self":[{"href":"https:\/\/juergen-wilke.net\/index.php?rest_route=\/wp\/v2\/pages\/151","targetHints":{"allow":["GET"]}}],"collection":[{"href":"https:\/\/juergen-wilke.net\/index.php?rest_route=\/wp\/v2\/pages"}],"about":[{"href":"https:\/\/juergen-wilke.net\/index.php?rest_route=\/wp\/v2\/types\/page"}],"author":[{"embeddable":true,"href":"https:\/\/juergen-wilke.net\/index.php?rest_route=\/wp\/v2\/users\/1"}],"replies":[{"embeddable":true,"href":"https:\/\/juergen-wilke.net\/index.php?rest_route=%2Fwp%2Fv2%2Fcomments&post=151"}],"version-history":[{"count":47,"href":"https:\/\/juergen-wilke.net\/index.php?rest_route=\/wp\/v2\/pages\/151\/revisions"}],"predecessor-version":[{"id":472,"href":"https:\/\/juergen-wilke.net\/index.php?rest_route=\/wp\/v2\/pages\/151\/revisions\/472"}],"wp:attachment":[{"href":"https:\/\/juergen-wilke.net\/index.php?rest_route=%2Fwp%2Fv2%2Fmedia&parent=151"}],"curies":[{"name":"wp","href":"https:\/\/api.w.org\/{rel}","templated":true}]}}